{"id":1199,"date":"2023-05-03T14:19:21","date_gmt":"2023-05-03T18:19:21","guid":{"rendered":"https:\/\/egliseilejesus.ca\/home\/?page_id=1199"},"modified":"2023-06-30T16:14:31","modified_gmt":"2023-06-30T20:14:31","slug":"notre-histoire","status":"publish","type":"page","link":"https:\/\/egliseilejesus.ca\/home\/notre-histoire\/","title":{"rendered":"Notre histoire"},"content":{"rendered":"\n\n\t<ul>\n\t\t<li>\t\t\t\t\n\t\t<h5>1962<\/h5><p>En septembre 1962, M. et Mme Weldon Clark, de retour d&rsquo;une mission \u00e0 B\u00e9ziers dans le sud de la France, ont le d\u00e9sir d&rsquo;amener des Qu\u00e9b\u00e9cois \u00e0 croire en J\u00e9sus-Christ pour leur salut et de voir \u00e0 \u00e9tablir une \u00c9glise de \u00ab\u00a0Canadiens-fran\u00e7ais \u00a0dans notre belle ville de Laval \u00ab\u00a0. Ils sont soutenus comme missionnaires par les \u00ab\u00a0Conservative Baptists\u00a0\u00bb. Ils achet\u00e8rent une maison et d\u00e9but\u00e8rent des r\u00e9unions dans leur foyer, avec quelques familles.Dieu en toucha quelques-unes. On vit des nouveau-n\u00e9s spirituels, la famille de George Dion, Rolland Le Monde (qui \u00e9crivit un trait\u00e9 intitul\u00e9 \u00ab\u00a0On me voulait pr\u00eatre, je devins policier\u00a0\u00bb), et la famille de Jean Lepage.<\/p><\/li><li>\t\t\t\t\n\t\t<h5>1966-1971: La chapelle de la Rue Valli\u00e8res<\/h5><p>En 1966, l&rsquo;\u00c9glise acheta un terrain sur la rue Valli\u00e8res, dans le domaine Renaud \u00e0 Chomedey \u00e0 Laval, et y construisit une \u00e9glise pouvant accueillir 125 personnes; ce qui \u00e9tait nettement suffisant dans ces ann\u00e9es.L&rsquo;\u00c9glise souffrait du manque de musiciens. M. Clark devait, semaine apr\u00e8s semaine, v\u00e9hiculer une pianiste appartenant \u00e0 une \u00c9glise anglophone de Ville Saint-Laurent. M. Clark, ayant appris que la famille Hamelin de Noranda avait l&rsquo;intention de d\u00e9m\u00e9nager \u00e0 Montr\u00e9al, leur demanda de venir aider l&rsquo;\u00c9glise de Chomedey et de contribuer au minist\u00e8re musical. C&rsquo;est en 1968 que la famille de Jean Hamelin, puis la famille de Marcel Cotnoir, se joignirent \u00e0 Chomedey pour faire avancer l&rsquo;\u0153uvre du Seigneur. Quelques mois plus tard, la famille de Ren\u00e9 Jacobsoone arriva de France et commen\u00e7a \u00e0 assister r\u00e9guli\u00e8rement aux r\u00e9unions avec un grand d\u00e9sir de servir le Seigneur au sein de l&rsquo;\u00c9glise.Pendant l&rsquo;\u00e9t\u00e9 une \u00e9cole biblique de vacances eut lieu. Une centaine d&rsquo;enfants se r\u00e9unirent chaque jour pendant une semaine. Cette semaine-l\u00e0 permit d&rsquo;atteindre d&rsquo;autres familles pour le Seigneur. Justin Fournier et sa famille se joignirent \u00e0 l&rsquo;\u00c9glise \u00e0 cette occasion.Quelques ann\u00e9es plus tard, en 1971, M. et Mme Clark furent appel\u00e9s en France par le Seigneur comme missionnaires. Alors l&rsquo;\u00c9glise entreprit des d\u00e9marches pour rechercher un autre pasteur. M. Bill Phillips vint nous aider en pr\u00eachant tous les dimanches, pendant un an, jusqu&rsquo;\u00e0 ce qu&rsquo;un jeune pasteur et sa femme, M. et Mme Jules Mailloux, accepte de devenir notre couple pastoral, en d\u00e9cembre 1971. Apr\u00e8s la venue de M. Mailloux, l&rsquo;\u00c9glise voyait de plus en plus de personnes assister aux rencontres pour entendre parler de l&rsquo;\u00c9vangile.Notons que l&rsquo;\u00c9glise de Chomedey est devenue membre de l&rsquo;Association des \u00e9glises baptistes \u00e9vang\u00e9liques du Qu\u00e9bec (AEBEQ) d\u00e8s sa fondation en 1971.<\/p><\/li><li>\t\t\t\t\n\t\t<h5>1976-1982 : Un r\u00e9veil<\/h5><p>En 1976, l&rsquo;\u00c9glise envoya France Blais au S\u00e9n\u00e9gal pour un terme de deux ans. En 1976 et 1977, le pasteur Willy Geiser et son \u00e9pouse Suzanne, arriv\u00e9s de Suisse, viennent pr\u00eater main forte \u00e0 M. Mailloux. Plus de 75 personnes se r\u00e9unissaient alors chaque dimanche.Pendant le minist\u00e8re de M. Mailloux nous sommes devenus trop nombreux pour la capacit\u00e9 de la petite \u00e9glise. Nous avons donc lou\u00e9 une salle au C\u00e9gep Montmorency pour y tenir nos r\u00e9unions du dimanche. Il y avait toutefois un inconv\u00e9nient. Nous aimions avoir de la communion fraternelle entre nous apr\u00e8s la r\u00e9union, mais les gardiens du C\u00e9gep nous obligeaient \u00e0 quitter les lieux imm\u00e9diatement apr\u00e8s la rencontre. Ce qui eut pour r\u00e9sultat qu&rsquo;au bout d&rsquo;un certain temps quelques familles se joignirent \u00e0 d&rsquo;autres \u00c9glises. C&rsquo;\u00e9tait en 1977.Le nombre de participants ayant diminu\u00e9, nous sommes retourn\u00e9s \u00e0 notre petite \u00e9glise de la rue Valli\u00e8res. En juin 1977 M. Mailloux se sentit appel\u00e9 \u00e0 devenir le pasteur de l&rsquo;\u00c9glise Baptiste de Beauport, il nous quitta en juin 1977. Notre \u00c9glise se mit de nouveau en qu\u00eate d&rsquo;un autre pasteur.Apr\u00e8s quelques mois, en d\u00e9cembre 1977, M. et Mme Murray H\u00e9ron de Noranda r\u00e9pondirent \u00e0 l&rsquo;appel du Seigneur pour servir \u00e0 Chomedey. M. H\u00e9ron \u00e9tant un \u00e9vang\u00e9liste plein d&rsquo;entrain, de plus en plus de personnes se convertissaient chaque semaine et notre petite \u00e9glise se remplissait \u00e0 surcapacit\u00e9. Souvent, jusqu&rsquo;\u00e0 200 personnes assistaient au culte du dimanche.Pendant cette m\u00eame p\u00e9riode l&rsquo;\u00c9glise eut \u00e0 c\u0153ur de d\u00e9buter un minist\u00e8re pour les gar\u00e7ons et les filles, durant la semaine. Nous nous joign\u00eemes au groupe de Brigade Chr\u00e9tienne. Nous encouragions les gar\u00e7ons \u00e0 inviter leurs copains de l&rsquo;\u00e9cole pour une bonne soir\u00e9e de sports et d&rsquo;\u00e9tude biblique, tandis que les filles se rencontraient, le m\u00eame soir, pour participer \u00e0 des activit\u00e9s int\u00e9ressantes et \u00e0 une \u00e9tude biblique.Puis M. et Mme Justin Fournier d\u00e9but\u00e8rent un minist\u00e8re dans les prisons. Bient\u00f4t les portes s&rsquo;ouvrirent pour laisser les croyants apporter l&rsquo;\u00e9vangile aux d\u00e9tenus. Il y eut \u00e0 cette occasion 18 d\u00e9tenus qui firent profession de foi.En 1980 l&rsquo;\u00c9glise reconnut les dons de Michel Beaumier comme \u00e9vang\u00e9liste et l&rsquo;accepta comme serviteur en formation. Le Seigneur l&#8217;employa et il fut tr\u00e8s utile dans l&rsquo;organisation de deux campagnes d&rsquo;\u00e9vang\u00e9lisation tenues au C\u00e9gep Montmorency. Cet \u00e9t\u00e9-l\u00e0 nous avons tenu des r\u00e9unions \u00e0 la plage Jacques-Cartier, au Nord de Laval, et nous avons eu le privil\u00e8ge de pr\u00e9senter plusieurs films et de proclamer l&rsquo;\u00c9vangile \u00e0 plusieurs personnes, en plein air.En 1981, notre d\u00e9sir et notre vision \u00e9taient de commencer des r\u00e9unions de pri\u00e8res dans le secteur de Fabreville puisque d\u00e9j\u00e0 8 familles demeuraient dans ce secteur. Chaque semaine, le mardi soir, Michel Beaumier se rendait \u00e0 l&rsquo;\u00e9cole Twin Oak, \u00e0 Fabreville, pour diriger une r\u00e9union de pri\u00e8res.Au mois de novembre 1981 l&rsquo;\u00c9glise appela Normand Joseph comme serviteur en formation. Normand d\u00e9buta des r\u00e9unions, sur semaine, \u00e0 Ste-Doroth\u00e9e. Il avait un bon minist\u00e8re d&rsquo;enseignement. Nous avons \u00e9galement particip\u00e9 \u00e0 la formation de Jacques Fiset, qui aida Ste-Doroth\u00e9e et ensuite Repentigny.En 1982, le nombre de membres grimpa \u00e0 133, ce qui parfois rendait difficile la tenue de nos r\u00e9unions dans l&rsquo;\u00e9glise de la rue Valli\u00e8res. Souvent il fallait ajouter des chaises dans les all\u00e9es, dans le portique et dans le vestiaire. Alors, le 5 d\u00e9cembre 1982, l&rsquo;\u00c9glise de Fabreville fut form\u00e9e avec 21 membres de l&rsquo;\u00c9glise de Chomedey. Ils commenc\u00e8rent \u00e0 se r\u00e9unir \u00e0 Fabreville tous les dimanches, matins et soirs. Dans les ann\u00e9es qui suivirent, cette \u00c9glise vit l&rsquo;assistance augmenter. Jusqu&rsquo;\u00e0 125 personnes participaient le dimanche matin.On envoya Jacques et \u00c9lise L\u00e9pinay comme missionnaires au Niger.<\/p><\/li><li>\t\t\t\t\n\t\t<h5>1985-1991 : Un d\u00e9m\u00e9nagement<\/h5><p>Au mois de mars 1985 l&rsquo;\u00c9glise d\u00e9cida de vendre le b\u00e2timent de la rue Valli\u00e8res et en juillet elle acheta un terrain sur le boulevard Laval. La vente du b\u00e2timent fut conclue en ao\u00fbt 1985. Pour continuer, l&rsquo;\u00c9glise dut se r\u00e9unir \u00e0 l&rsquo;\u00e9cole John F. Kennedy, rue Cardinal.En 1986, on demanda \u00e0 M. et \u00e0 Mme Keefe d&rsquo;assister M. et Mme H\u00e9ron. M. Keefe devait diviser son temps entre Sembeq et l&rsquo;\u00c9glise de Chomedey. Quelques mois plus tard, M. H\u00e9ron, qui avait accept\u00e9 la responsabilit\u00e9 d&rsquo;ambassadeur pour Sembeq, d\u00e9missionna et M. Keefe est devenu le pasteur de l&rsquo;\u00c9glise en mai.Le 31 mai 1987, l&rsquo;\u00c9glise demandait \u00e0 Daniel Marcoux de devenir pasteur-associ\u00e9 avec M. Keefe. Pendant ce m\u00eame temps un comit\u00e9 de construction commen\u00e7ait \u00e0 prendre forme. On d\u00e9butera l&rsquo;ann\u00e9e 1989 avec 144 membres dans l&rsquo;\u00c9glise de Chomedey et l&rsquo;enseignement de MM. Keefe et Marcoux.\u00c0 l&rsquo;\u00e9t\u00e9 1990, de nombreux b\u00e9n\u00e9voles, venant d&rsquo;\u00c9glises am\u00e9ricaines et ontariennes, vinrent aider \u00e0 la construction. Nous sommes entr\u00e9s dans le nouveau b\u00e2timent du boulevard Laval le 23 d\u00e9cembre 1990.La d\u00e9cennie des ann\u00e9es 1990 a \u00e9t\u00e9 marqu\u00e9e par le minist\u00e8re pastoral de Daniel Marcoux et celui du projet th\u00e9\u00e2tral de la troupe \u00a0\u00bb Sens Unique \u00ab\u00a0.En juin 1991, Jacques et \u00c9lise L\u00e9pinay revinrent du Niger pour un cong\u00e9 sans solde ind\u00e9termin\u00e9. Puis l&rsquo;ann\u00e9e suivante, tenant compte de son \u00e2ge, M. Ernest Keefe d\u00e9missionna comme pasteur.<\/p><\/li><li>\t\t\t\t\n\t\t<h5>1997-2012 : L&rsquo;\u00c9glise de l&rsquo;\u00cele J\u00e9sus a 50 ans!<\/h5><p>Le 2 f\u00e9vrier 1997, une proposition fut adopt\u00e9e pour que l&rsquo;\u00c9glise baptiste \u00e9vang\u00e9lique de Chomedey et l&rsquo;\u00c9glise baptiste de Fabreville s&rsquo;unissent. Le mois suivant, le nom choisi pour cette nouvelle communaut\u00e9 fut l&rsquo;\u00c9glise de l&rsquo;\u00cele J\u00e9sus Chr\u00e9tienne \u00c9vang\u00e9lique Baptiste. En ao\u00fbt 1997, Denis et Brigitte Maisonneuve et les enfants sont partis pour travailler parmi les autochtones Innus dans la r\u00e9gion de Sept-\u00celes.Les ann\u00e9es 90 ont \u00e9t\u00e9 particuli\u00e8rement marqu\u00e9es par le minist\u00e8re de \u00ab\u00a0Sens Unique \u00ab\u00a0. Pendant environ dix ans, ce groupe de th\u00e9\u00e2tre, de chants et de danses compos\u00e9 de jeunes en provenance des \u00c9glises de toute la r\u00e9gion, ont exerc\u00e9 un minist\u00e8re rassemblant des jeunes de toutes les \u00e9glises de la r\u00e9gion qui a marqu\u00e9 notre association. Le leadership de ses leaders a \u00e9t\u00e9 particuli\u00e8rement appr\u00e9ci\u00e9 soit celui des Gravel, H\u00e9ron, Cotton, Girard et Pageau.La fin des ann\u00e9es 1990 a permis l&rsquo;utilisation des nouvelles technologies de l&rsquo;information pour faire rayonner l&rsquo;\u00e9glise en dehors de ses murs. En effet, l&rsquo;\u00c9glise s&rsquo;est dot\u00e9 d&rsquo;un site Web pour se faire conna\u00eetre et promouvoir ses activit\u00e9s. Rapidement elle a utilis\u00e9 son site web pour diffuser les enregistrements des \u00e9tudes du dimanche. Depuis 2010 l&rsquo;\u00e9glise utilise la vid\u00e9o et diffuse sur les grandes chaines de partage comme Youtube.Le nouveau mill\u00e9naire a inaugur\u00e9 bien des changements. L&rsquo;\u00c9glise c\u00e9l\u00e9bra son quaranti\u00e8me anniversaire en 2002. La m\u00eame ann\u00e9e la famille Bonicel arriva \u00e0 l&rsquo;\u00e9glise et au cours de l&rsquo;\u00e9t\u00e9, Philippe Bonicel assuma une bonne partie de l&rsquo;enseignement durant le sabbatique accord\u00e9 au pasteur Daniel Marcoux puis apr\u00e8s son d\u00e9part.Un conseil provisoire fut par la suite form\u00e9 et il fut d\u00e9cid\u00e9 d&rsquo;installer progressivement une pluralit\u00e9 pastorale et de structurer l&rsquo;\u00c9glise en quatre d\u00e9partements : celui de l&rsquo;\u00e9vang\u00e9lisation, de l&rsquo;\u00e9dification, de l&rsquo;enseignement et de la gestion\/administration. Maurice Cloutier, qui \u00e9tait ancien \u00e0 l&rsquo;\u00e9poque, ne pouvait assumer la direction de l&rsquo;\u00e9glise tout en exer\u00e7ant son travail de conducteur d&rsquo;autobus.L&rsquo;\u00c9glise engagea Maurice Cloutier comme pasteur responsable de l&rsquo;\u00e9vang\u00e9lisation en f\u00e9vrier 2003 pour un mandat d&rsquo;un an alors qu&rsquo;en juin de la m\u00eame ann\u00e9e, Philippe Bonicel fut nomm\u00e9 ancien et engag\u00e9 \u00e0 raison de deux jours par semaine puis en mars 2004. L&rsquo;ann\u00e9e suivante l&rsquo;\u00c9glise engagea \u00e0 temps plein Maurice Cloutier comme pasteur responsable de l&rsquo;\u00e9vang\u00e9lisation et Philippe Bonicel comme pasteur enseignant.En 2007, pour pr\u00e9parer l&rsquo;\u00e9largissement du leadership, l&rsquo;\u00c9glise a form\u00e9 le conseil d&rsquo;\u00e9glise \u00e9largi compos\u00e9 des quatre anciens, les deux diacres et une douzaine de candidats diacres. Un an plus tard, huit nouveaux diacres furent ajout\u00e9s pour un total de dix.En 2008, l&rsquo;\u00c9glise accepta de soutenir le projet de l&rsquo;\u00c9glise \u00e9vang\u00e9lique baptiste du phare de Matane qui consiste \u00e0 \u00e9tablir une \u00e9glise fille \u00e0 Ste-Anne-des-Monts et a recommand\u00e9 Maurice Cloutier comme ouvrier qui aiderait le pasteur Isra\u00ebl-Luc Godfrey dans la r\u00e9alisation de ce projet. Notre fr\u00e8re nous a donc quitt\u00e9 \u00e0 la fin juin. Pour combler son d\u00e9part, nous avons engag\u00e9 Guy Gravel comme pasteur \u00e0 temps plein.\u00a0En 2012 l&rsquo;\u00e9glise a c\u00e9l\u00e9br\u00e9 son cinquanti\u00e8me anniversaire par notamment l&rsquo;installation d&rsquo;un magnifique vitrail repr\u00e9sentant la cr\u00e9ation.<\/p><\/li><li>\t\t\t\t\n\t\t<h5>2013-&#8230; : 60 ans d&rsquo;histoire, nouveau leadership<\/h5><p>En 2020 la pand\u00e9mie Covid-19 a frapp\u00e9 durement toutes les \u00e9glises du Qu\u00e9bec et l&rsquo;\u00c9glise de l&rsquo;\u00cele J\u00e9sus ne fit pas l&rsquo;exception. L&rsquo;infrastructure technologique \u00e9tant d\u00e9j\u00e0 utilis\u00e9e, l&rsquo;\u00c9glise a pu continuer son enseignement d\u00e8s le d\u00e9but du confinement par des diffusions sur Youtube et la tenue de rencontres Zoom. Notons que Philippe Bonicel a saisi l&rsquo;occasion pour diffuser de courtes \u00e9tudes bibliques quotidiennes sur Facebook.Philippe Bonicel pr\u00e9voyant prendre sa retraite en 2023, la recherche d&rsquo;un nouveau pasteur a \u00e9t\u00e9 entreprise des 2021. Avec l&rsquo;aide de l&rsquo;AEBEQ, un jeune pasteur br\u00e9silien, Eduardo Cerqueira,\u00a0 a \u00e9t\u00e9 identifi\u00e9 pour prendre sa rel\u00e8ve et apr\u00e8s avoir tr\u00e8s rapidement appris le fran\u00e7ais est venu au Qu\u00e9bec avec sa famille. L&rsquo;\u00c9glise accept\u00e9 Eduardo comme pasteur principal au printemps 2023.En 2023 l&rsquo;\u00c9glise a c\u00e9l\u00e9br\u00e9 sa soixanti\u00e8me anniversaire de fondation!L&rsquo;\u00c9glise de l&rsquo;\u00eele J\u00e9sus est devenue au fil des ann\u00e9es une \u00e9glise urbaine, multi-ethnique francophone. Son histoire est celle de l&rsquo;\u0153uvre de Dieu dans Laval, une ville en mutation. Que Dieu nous b\u00e9nisse dans les nouveaux d\u00e9fis qui nous attendent.<\/p><\/li>\t<\/ul>\n\t<ul>\n\t\t<li>\t\t\t\t\n\t\t<p><strong>Cr\u00e9dits : Jean Hamelin, Philippe Bonicel, Marc Barri\u00e8re.\u00a0 mai 2023.<\/strong><\/p><\/li>\t<\/ul>\n\n","protected":false},"excerpt":{"rendered":"<p>1962 En septembre 1962, M. et Mme Weldon Clark, de retour d&rsquo;une mission \u00e0 B\u00e9ziers dans le sud de la France, ont le d\u00e9sir d&rsquo;amener des Qu\u00e9b\u00e9cois \u00e0 croire en J\u00e9sus-Christ pour leur salut et de voir \u00e0 \u00e9tablir une \u00c9glise de \u00ab\u00a0Canadiens-fran\u00e7ais \u00a0dans notre belle ville de Laval \u00ab\u00a0. Ils sont soutenus comme missionnaires [&hellip;]<\/p>\n","protected":false},"author":1,"featured_media":0,"parent":0,"menu_order":0,"comment_status":"closed","ping_status":"closed","template":"","meta":{"site-sidebar-layout":"no-sidebar","site-content-layout":"page-builder","ast-site-content-layout":"default","site-content-style":"default","site-sidebar-style":"default","ast-global-header-display":"","ast-banner-title-visibility":"","ast-main-header-display":"","ast-hfb-above-header-display":"","ast-hfb-below-header-display":"","ast-hfb-mobile-header-display":"","site-post-title":"disabled","ast-breadcrumbs-content":"","ast-featured-img":"disabled","footer-sml-layout":"","ast-disable-related-posts":"","theme-transparent-header-meta":"enabled","adv-header-id-meta":"","stick-header-meta":"","header-above-stick-meta":"","header-main-stick-meta":"","header-below-stick-meta":"","astra-migrate-meta-layouts":"default","ast-page-background-enabled":"default","ast-page-background-meta":{"desktop":{"background-color":"","background-image":"","background-repeat":"repeat","background-position":"center center","background-size":"auto","background-attachment":"scroll","background-type":"","background-media":"","overlay-type":"","overlay-color":"","overlay-opacity":"","overlay-gradient":""},"tablet":{"background-color":"","background-image":"","background-repeat":"repeat","background-position":"center center","background-size":"auto","background-attachment":"scroll","background-type":"","background-media":"","overlay-type":"","overlay-color":"","overlay-opacity":"","overlay-gradient":""},"mobile":{"background-color":"","background-image":"","background-repeat":"repeat","background-position":"center center","background-size":"auto","background-attachment":"scroll","background-type":"","background-media":"","overlay-type":"","overlay-color":"","overlay-opacity":"","overlay-gradient":""}},"ast-content-background-meta":{"desktop":{"background-color":"var(--ast-global-color-5)","background-image":"","background-repeat":"repeat","background-position":"center center","background-size":"auto","background-attachment":"scroll","background-type":"","background-media":"","overlay-type":"","overlay-color":"","overlay-opacity":"","overlay-gradient":""},"tablet":{"background-color":"var(--ast-global-color-5)","background-image":"","background-repeat":"repeat","background-position":"center center","background-size":"auto","background-attachment":"scroll","background-type":"","background-media":"","overlay-type":"","overlay-color":"","overlay-opacity":"","overlay-gradient":""},"mobile":{"background-color":"var(--ast-global-color-5)","background-image":"","background-repeat":"repeat","background-position":"center center","background-size":"auto","background-attachment":"scroll","background-type":"","background-media":"","overlay-type":"","overlay-color":"","overlay-opacity":"","overlay-gradient":""}},"footnotes":""},"class_list":["post-1199","page","type-page","status-publish","hentry"],"_links":{"self":[{"href":"https:\/\/egliseilejesus.ca\/home\/wp-json\/wp\/v2\/pages\/1199","targetHints":{"allow":["GET"]}}],"collection":[{"href":"https:\/\/egliseilejesus.ca\/home\/wp-json\/wp\/v2\/pages"}],"about":[{"href":"https:\/\/egliseilejesus.ca\/home\/wp-json\/wp\/v2\/types\/page"}],"author":[{"embeddable":true,"href":"https:\/\/egliseilejesus.ca\/home\/wp-json\/wp\/v2\/users\/1"}],"replies":[{"embeddable":true,"href":"https:\/\/egliseilejesus.ca\/home\/wp-json\/wp\/v2\/comments?post=1199"}],"version-history":[{"count":0,"href":"https:\/\/egliseilejesus.ca\/home\/wp-json\/wp\/v2\/pages\/1199\/revisions"}],"wp:attachment":[{"href":"https:\/\/egliseilejesus.ca\/home\/wp-json\/wp\/v2\/media?parent=1199"}],"curies":[{"name":"wp","href":"https:\/\/api.w.org\/{rel}","templated":true}]}}